{"id":157,"date":"2024-10-28T14:19:37","date_gmt":"2024-10-28T13:19:37","guid":{"rendered":"https:\/\/www.ikc.sk\/?page_id=157"},"modified":"2025-02-01T18:23:17","modified_gmt":"2025-02-01T17:23:17","slug":"gdpr","status":"publish","type":"page","link":"https:\/\/www.ikc.sk\/index.php\/gdpr\/","title":{"rendered":"GDPR"},"content":{"rendered":"\t\t<div data-elementor-type=\"wp-page\" data-elementor-id=\"157\" class=\"elementor elementor-157\">\n\t\t\t\t\t\t<section class=\"elementor-section elementor-top-section elementor-element elementor-element-c0603af elementor-section-content-middle elementor-section-boxed elementor-section-height-default elementor-section-height-default\" data-id=\"c0603af\" data-element_type=\"section\" data-settings=\"{&quot;background_background&quot;:&quot;classic&quot;}\">\n\t\t\t\t\t\t\t<div class=\"elementor-background-overlay\"><\/div>\n\t\t\t\t\t\t\t<div class=\"elementor-container elementor-column-gap-default\">\n\t\t\t\t\t<div class=\"elementor-column elementor-col-100 elementor-top-column elementor-element elementor-element-14b8a37\" data-id=\"14b8a37\" data-element_type=\"column\">\n\t\t\t<div class=\"elementor-widget-wrap elementor-element-populated\">\n\t\t\t\t\t\t<div class=\"elementor-element elementor-element-c2b11a2 elementor-widget elementor-widget-heading\" data-id=\"c2b11a2\" data-element_type=\"widget\" data-widget_type=\"heading.default\">\n\t\t\t\t<div class=\"elementor-widget-container\">\n\t\t\t<h2 class=\"elementor-heading-title elementor-size-default\">GDPR<\/h2>\t\t<\/div>\n\t\t\t\t<\/div>\n\t\t\t\t\t<\/div>\n\t\t<\/div>\n\t\t\t\t\t<\/div>\n\t\t<\/section>\n\t\t\t\t<section class=\"elementor-section elementor-top-section elementor-element elementor-element-ce24a58 elementor-section-boxed elementor-section-height-default elementor-section-height-default\" data-id=\"ce24a58\" data-element_type=\"section\">\n\t\t\t\t\t\t<div class=\"elementor-container elementor-column-gap-default\">\n\t\t\t\t\t<div class=\"elementor-column elementor-col-100 elementor-top-column elementor-element elementor-element-e9113bd\" data-id=\"e9113bd\" data-element_type=\"column\">\n\t\t\t<div class=\"elementor-widget-wrap elementor-element-populated\">\n\t\t\t\t\t\t<div class=\"elementor-element elementor-element-4458b0c elementor-widget elementor-widget-heading\" data-id=\"4458b0c\" data-element_type=\"widget\" data-widget_type=\"heading.default\">\n\t\t\t\t<div class=\"elementor-widget-container\">\n\t\t\t<h5 class=\"elementor-heading-title elementor-size-default\">GDPR<\/h5>\t\t<\/div>\n\t\t\t\t<\/div>\n\t\t\t\t<div class=\"elementor-element elementor-element-e37f7c9 elementor-widget elementor-widget-heading\" data-id=\"e37f7c9\" data-element_type=\"widget\" data-widget_type=\"heading.default\">\n\t\t\t\t<div class=\"elementor-widget-container\">\n\t\t\t<h2 class=\"elementor-heading-title elementor-size-default\">Z\u00e1sady ochrany osobn\u00fdch \u00fadajov (GDPR)<\/h2>\t\t<\/div>\n\t\t\t\t<\/div>\n\t\t\t\t<div class=\"elementor-element elementor-element-a06cea1 elementor-widget elementor-widget-text-editor\" data-id=\"a06cea1\" data-element_type=\"widget\" data-widget_type=\"text-editor.default\">\n\t\t\t\t<div class=\"elementor-widget-container\">\n\t\t\t\t\t\t\t<p><\/p>\n<p><strong style=\"font-family: var( --e-global-typography-text-font-family ), Sans-serif; font-size: var( --e-global-typography-text-font-size ); color: var( --e-global-color-text );\"><br><\/strong><\/p><p><strong style=\"font-family: var( --e-global-typography-text-font-family ), Sans-serif; font-size: var( --e-global-typography-text-font-size ); color: var( --e-global-color-text );\">IKC \u2013 advok\u00e1tska kancel\u00e1ria s.r.o., <\/strong><span style=\"font-family: var( --e-global-typography-text-font-family ), Sans-serif; font-size: var( --e-global-typography-text-font-size ); font-weight: var( --e-global-typography-text-font-weight ); color: var( --e-global-color-text );\">so s\u00eddlom Hruny 11B, 08001 Pre\u0161ov, I\u010cO: 56108222 (\u201e<\/span><strong style=\"font-family: var( --e-global-typography-text-font-family ), Sans-serif; font-size: var( --e-global-typography-text-font-size ); color: var( --e-global-color-text );\">advok\u00e1tska kancel\u00e1ria<\/strong><span style=\"font-family: var( --e-global-typography-text-font-family ), Sans-serif; font-size: var( --e-global-typography-text-font-size ); font-weight: var( --e-global-typography-text-font-weight ); color: var( --e-global-color-text );\">\u201c), chr\u00e1ni v\u0161etky sprac\u00favan\u00e9 osobn\u00e9 \u00fadaje ako pr\u00edsne d\u00f4vern\u00e9 a&nbsp;naklad\u00e1 s&nbsp;nimi v&nbsp;s\u00falade s&nbsp;Nariaden\u00edm Eur\u00f3pskeho parlamentu a Rady (E\u00da) 2016\/679 z 27. apr\u00edla 2016 o ochrane fyzick\u00fdch os\u00f4b pri sprac\u00favan\u00ed osobn\u00fdch \u00fadajov a o vo\u013enom pohybe tak\u00fdchto \u00fadajov, ktor\u00fdm sa zru\u0161uje smernica 95\/46\/ES (v\u0161eobecn\u00e9 nariadenie o ochrane \u00fadajov) (\u010falej len \u201eNariadenie\u201c alebo \u201eGDPR\u201c), ustanoveniami Za\u0301kona o ochrane osobny\u0301ch u\u0301dajov, Za\u0301konom o&nbsp;advoka\u0301cii\u0301, ako aj d\u030cals\u030ci\u0301mi predpismi. Dodrz\u030ciavame Ko\u0301dex spra\u0301vania prijaty\u0301 Slovenskou advoka\u0301tskou komorou (\u201c<\/span><strong style=\"font-family: var( --e-global-typography-text-font-family ), Sans-serif; font-size: var( --e-global-typography-text-font-size ); color: var( --e-global-color-text );\">SAK<\/strong><span style=\"font-family: var( --e-global-typography-text-font-family ), Sans-serif; font-size: var( --e-global-typography-text-font-size ); font-weight: var( --e-global-typography-text-font-weight ); color: var( --e-global-color-text );\">\u201d), ktory\u0301 bliz\u030cs\u030cie vysvetl\u030cuje spracu\u0301vanie osobny\u0301ch u\u0301dajov advoka\u0301tmi. S Ko\u0301dexom spra\u0301vania SAK sa mo\u0302z\u030cete obozna\u0301mit\u030c na www.sak.sk.<\/span><\/p>\n<p>Spracu\u0301vanie osobny\u0301ch u\u0301dajov advok\u00e1tskou kancel\u00e1riou je nevyhnutne\u0301 preto, aby sme mohli:<\/p>\n<ul>\n<li>poskytovat\u030c pra\u0301vne sluz\u030cby nas\u030cim klientom a vykona\u0301vat\u030c advoka\u0301tske povolanie;<\/li>\n<li>plnit\u030c ro\u0302zne za\u0301konne\u0301, stavovske\u0301 a zmluvne\u0301 povinnosti; a<\/li>\n<li>chra\u0301nit\u030c opra\u0301vnene\u0301 za\u0301ujmy na\u0301s, nas\u030cich klientov a iny\u0301ch oso\u0302b<\/li>\n<\/ul>\n<p><strong>&nbsp;<\/strong><\/p>\n<p><strong>Na ak\u00e9 \u00fa\u010dely a na z\u00e1klade ak\u00fdch pr\u00e1vnych z\u00e1kladov sprac\u00favame osobn\u00e9 \u00fadaje?<\/strong><\/p>\n<p><strong>&nbsp;<\/strong><\/p>\n<table width=\"875\">\n<tbody>\n<tr>\n<td width=\"131\">\n<p><strong>\u00da\u010del sprac\u00favania osobn\u00fdch \u00fadajov<\/strong><\/p>\n<p><strong>&nbsp;<\/strong><\/p>\n<\/td>\n<td width=\"585\">\n<table width=\"567\">\n<tbody>\n<tr>\n<td width=\"567\">\n<p><strong>Pr\u00e1vny z\u00e1klad<\/strong><\/p>\n<\/td>\n<\/tr>\n<\/tbody>\n<\/table>\n<\/td>\n<td width=\"159\">\n<p><strong>S\u00favisiace predpisy<\/strong><\/p>\n<\/td>\n<td width=\"1\">&nbsp;<\/td>\n<\/tr>\n<tr>\n<td width=\"131\">\n<p>V\u00fdkon povolanie (poskytovanie pr\u00e1vnych slu\u017eieb)<\/p>\n<\/td>\n<td width=\"585\">\n<p>Plnenie za\u0301konnej povinnosti podl\u030ca c\u030cl. 6 ods. 1 pi\u0301sm. c) GDPR, plnenie zmluvny\u0301ch povinnosti\u0301 podl\u030ca c\u030cl. 6 pi\u0301sm. b) GDPR a tiez\u030c ochrana z\u030civotne do\u0302lez\u030city\u0301ch za\u0301ujmov klienta podl\u030ca c\u030cl. 6 ods. 1 pi\u0301sm. d) GDPR pri\u0301padne aj preukazovanie, uplatn\u030covanie alebo obhajovanie pra\u0301vnych na\u0301rokov podl\u030ca c\u030cl. 9 ods. 2 pi\u0301sm. f) GDPR<\/p>\n<\/td>\n<td colspan=\"2\" width=\"159\">\n<p>Za\u0301kon o advoka\u0301cii\u0301, Advoka\u0301tsky poriadok, Obc\u030ciansky a Obchodny\u0301 za\u0301konni\u0301k<\/p>\n<\/td>\n<\/tr>\n<tr>\n<td width=\"131\">\n<p>Poskytovanie iny\u0301ch ako pra\u0301vnych sluz\u030cieb (napri\u0301klad v pri\u0301pade registra\u0301cie Partnera verejne\u0301ho sektora, podna\u0301jmu nebytovy\u0301ch priestorov atd\u030c.)<\/p>\n<\/td>\n<td width=\"585\">\n<p>Plnenie zmluvy podl\u030ca c\u030cla\u0301nku 6 ods. 1 pi\u0301sm. b) GDPR, pri\u0301padne aj plnenie za\u0301konnej povinnosti podl\u030ca c\u030cl. 6 ods. 1 pi\u0301sm. c) GDPR<\/p>\n<\/td>\n<td colspan=\"2\" width=\"159\">\n<p>Za\u0301kon o partneroch verejne\u0301ho sektora, Za\u0301kon o e-Governmente, Obc\u030ciansky a Obchodny\u0301 za\u0301konni\u0301k, Za\u0301kon o na\u0301jme nebytovy\u0301ch priestorov<\/p>\n<p><strong>&nbsp;<\/strong><\/p>\n<\/td>\n<\/tr>\n<tr>\n<td width=\"131\">\n<p>Zabezpec\u030cenie su\u0301ladu s pra\u0301vnymi predpismi a predpismi Slovenskej advoka\u0301tskej komory<\/p>\n<\/td>\n<td width=\"585\">\n<p>Plnenie za\u0301konnej povinnosti podl\u030ca c\u030cl. 6 ods. 1 pi\u0301sm. c) GDPR, opra\u0301vneny\u0301 za\u0301ujem advoka\u0301tov alebo treti\u0301ch stra\u0301n podl\u030ca c\u030cl. 6 ods. 1 pi\u0301sm. f) GDPR, verejny\u0301 za\u0301ujem podl\u030ca c\u030cl. 6 ods. 1 pi\u0301sm. e) GDPR alebo obhajovanie pra\u0301vnych na\u0301rokov podl\u030ca c\u030cl. 9 ods. 2 pi\u0301sm. f) GDPR<\/p>\n<\/td>\n<td colspan=\"2\" width=\"159\">\n<p>Za\u0301kon o advoka\u0301cii\u0301, Advoka\u0301tsky poriadok, Za\u0301kon o ochrane pred legaliza\u0301ciou pri\u0301jmov z trestnej c\u030cinnosti, Za\u0301kon o oznamovani\u0301 protispoloc\u030censkej c\u030cinnosti, GDPR<\/p>\n<p><strong>&nbsp;<\/strong><\/p>\n<\/td>\n<\/tr>\n<tr>\n<td width=\"131\">\n<p>U\u0301c\u030cely ty\u0301kaju\u0301ce sa ochrany opra\u0301vneny\u0301ch<\/p>\n<\/td>\n<td width=\"585\">\n<p>Opra\u0301vneny\u0301 za\u0301ujem advoka\u0301tov alebo treti\u0301ch stra\u0301n podl\u030ca c\u030cl. 6 ods. 1 pi\u0301sm. f) GDPR<\/p>\n<\/td>\n<td colspan=\"2\" width=\"159\">\n<p>GDPR, Obc\u030ciansky a Obchodny\u0301 za\u0301konni\u0301k, Trestny\u0301 poriadok, Trestny\u0301 za\u0301kon, Civilny\u0301 sporovy\u0301 poriadok, Civilny\u0301 mimosporovy\u0301 poriadok, Spra\u0301vny su\u0301dny poriadok, Spra\u0301vny poriadok<strong>, <\/strong>Za\u0301kon o&nbsp;priestupkoch, Z\u00e1kon o advok\u00e1ci\u00ed,<\/p>\n<\/td>\n<\/tr>\n<tr>\n<td width=\"131\">\n<p>Personalistika a mzdy<\/p>\n<p><strong>&nbsp;<\/strong><\/p>\n<\/td>\n<td width=\"585\">\n<p>Plnenie za\u0301konnej povinnosti podl\u030ca c\u030cl. 6 ods. 1 pi\u0301sm. c) GDPR<\/p>\n<\/td>\n<td colspan=\"2\" width=\"159\">\n<p>Za\u0301konni\u0301k pra\u0301ce, Za\u0301kon o advoka\u0301cii\u0301 a d\u030cals\u030cie predpisy v oblasti pracovne\u0301ho pra\u0301va vra\u0301tane za\u0301kona o socia\u0301lnom poisteni\u0301, za\u0301kon o starobnom do\u0302chodkovom sporeni\u0301, za\u0301kon o zdravotnom poisteni\u0301 v zneni\u0301 neskors\u030ci\u0301ch predpisov<\/p>\n<\/td>\n<\/tr>\n<tr>\n<td width=\"131\">\n<p>U\u0301c\u030ctovne\u0301 a dan\u030cove\u0301 u\u0301c\u030cely<\/p>\n<p><strong>&nbsp;<\/strong><\/p>\n<\/td>\n<td width=\"585\">\n<p>Plnenie za\u0301konnej povinnosti podl\u030ca \u010dl. 6 odsek 1, p\u00edsmeno c) GDPR<\/p>\n<\/td>\n<td colspan=\"2\" width=\"159\">\n<p>Osobitn\u00e9 z\u00e1kony v&nbsp;oblasti \u00fa\u010dtovn\u00edctva a&nbsp;spr\u00e1vy dan\u00fa<\/p>\n<\/td>\n<\/tr>\n<\/tbody>\n<\/table>\n<p><strong><br><\/strong><\/p>\n<p><strong>Komu spr\u00edstup\u0148ujeme Va\u0161e osobn\u00e9 \u00fadaje?<\/strong><br>Osobn\u00e9 \u00fadaje na\u0161ich klientov a in\u00fdch fyzick\u00fdch os\u00f4b spr\u00edstup\u0148ujeme len v nevyhnutnej miere a v\u017edy pri zachovan\u00ed ml\u010danlivosti pr\u00edjemcu \u00fadajov napr. na\u0161im zamestnancom, osob\u00e1m, ktor\u00e9 poverujeme vykonan\u00edm jednotliv\u00fdch \u00fakonov pr\u00e1vnych slu\u017eieb, zastupuj\u00facim alebo spolupracuj\u00facim advok\u00e1tom, na\u0161im \u00fa\u010dtovn\u00fdm poradcom, Slovenskej advok\u00e1tskej komore (napr. v pr\u00edpade disciplin\u00e1rneho konania) alebo poskytovate\u013eom softv\u00e9rov\u00e9ho vybavenia alebo podpory na\u0161ej kancel\u00e1rie, vr\u00e1tane zamestnancov t\u00fdchto os\u00f4b.<\/p>\n<p>Aj ke\u010f m\u00e1me z d\u00f4vodu zachovania ml\u010danlivosti obmedzen\u00fa povinnos\u0165 poskytova\u0165 Va\u0161e osobn\u00e9 \u00fadaje org\u00e1nom verejnej moci, sme povinn\u00ed prekazi\u0165 sp\u00e1chanie trestn\u00e9ho \u010dinu a takisto m\u00e1me povinnos\u0165 oznamova\u0165 inform\u00e1cie na \u00faseku predch\u00e1dzania priania \u0161pinav\u00fdch pe\u0148az\u00ed a financovania terorizmu.<\/p>\n<p>V urc\u030city\u0301ch pri\u0301padoch mo\u0302z\u030ce do\u0302jst\u030c k zverejneniu osobny\u0301ch u\u0301dajov klientov, resp. iny\u0301ch fyzicky\u0301ch oso\u0302b. Ide o pri\u0301pady katastra\u0301lneho konania, konania o za\u0301pise do obchodne\u0301ho registra, konania o za\u0301pise za\u0301loz\u030cne\u0301ho pra\u0301va do Nota\u0301rskeho centra\u0301lneho registra za\u0301loz\u030cny\u0301ch pra\u0301v, konania o za\u0301pise pra\u0301v v registroch vedeny\u0301ch U\u0301radom Priemyselne\u0301ho vlastni\u0301ctva Slovenskej republiky, a pod. Vz\u030cdy sa tak vs\u030cak kona\u0301 na za\u0301klade osobitne\u0301ho predpisu, a v ra\u0301mci poskytovania pra\u0301vnych sluz\u030cieb.<\/p>\n<p><strong><br><\/strong><\/p>\n<p><strong><br><\/strong><\/p>\n<p><strong>Do ktor\u00fdch kraj\u00edn pren\u00e1\u0161ame Va\u0161e osobn\u00e9 \u00fadaje?<\/strong><br>Cezhrani\u010dn\u00fd prenos Va\u0161ich osobn\u00fdch \u00fadajov to tret\u00edch kraj\u00edn mimo Eur\u00f3pskeho hospod\u00e1rskeho priestoru (E\u00da, Island, N\u00f3rsko a Lichten\u0161tajnsko) nezam\u00fd\u0161\u013eame. Vyu\u017e\u00edvame bezpe\u010dn\u00e9 cloudov\u00e9 slu\u017eby overen\u00e9ho poskytovate\u013ea so servermi umiestnen\u00fdmi v jurisdikcii E\u00da.<\/p>\n<p><strong><br><\/strong><\/p>\n<p><strong><br><\/strong><\/p>\n<p><strong>Nevykon\u00e1vame automatizovan\u00e9 individu\u00e1lne rozhodovanie vr\u00e1tane profilovania.<\/strong><\/p>\n<p><strong>Ako dlho uchov\u00e1vame Va\u0161e osobn\u00e9 \u00fadaje?<\/strong><br>Osobn\u00e9 \u00fadaje uchov\u00e1vame najviac dovtedy, k\u00fdm je to potrebn\u00e9 na \u00fa\u010dely, na ktor\u00e9 sa osobn\u00e9 \u00fadaje sprac\u00favaj\u00fa. Pri uchov\u00e1van\u00ed osobn\u00fdch \u00fadajov sa riadime odpor\u00fa\u010dan\u00fdmi dobami uchov\u00e1vania v zmysle Uznesenia predsedn\u00edctva Slovenskej advok\u00e1tskej komory \u010d\u00edslo 29\/11\/2011, napr.:<br>&#8211; Knihu do\u0161lej po\u0161ty a knihu odoslanej po\u0161ty po jej zaplnen\u00ed uschov\u00e1va advok\u00e1t po\u010das desiatich rokov od d\u00e1tumu prijatia alebo odoslania v knihe zap\u00edsanej poslednej z\u00e1sielky;<br>&#8211; Invent\u00e1rny zoznam archivuje advok\u00e1t po\u010das desiatich rokov od jeho sp\u00edsania;<br>&#8211; Ak advok\u00e1t vedie menoslov klientov a protokol klientskeho spisu elektronicky, ku koncu kalend\u00e1rneho roka vyhotov\u00ed za kalend\u00e1rny rok jeho tla\u010den\u00fa formu a t\u00fato ulo\u017e\u00ed v kancel\u00e1rii bez \u010dasov\u00e9ho obmedzenia;<br>&#8211; Skarta\u010dn\u00e1 lehota klientskeho spisu je 10 rokov a plynie odo d\u0148a, ke\u010f s\u00fa splnen\u00e9 v\u0161etky podmienky pre ulo\u017eenie spisu do arch\u00edvu.<\/p>\n<p>Na advok\u00e1tov sa vz\u0165ahuj\u00fa stavovsk\u00e9 prepisy vykladaj\u00face povinnosti advok\u00e1tov pod\u013ea Z\u00e1kona o advok\u00e1ci\u00ed, pod\u013ea ktor\u00fdch existuj\u00fa ur\u010dit\u00e9 okolnosti, ktor\u00e9 predl\u017euj\u00fa na\u0161e doby uchov\u00e1vania osobn\u00fdch \u00fadajov resp. br\u00e1nia n\u00e1m v skart\u00e1ci\u00ed niektor\u00fdch dokumentov z pochopite\u013en\u00fdch d\u00f4vodov. Napr.:<br>&#8211; Klientsky spis, v ktorom sa nach\u00e1dzaj\u00fa origin\u00e1ly list\u00edn odovzdan\u00fdch advok\u00e1tovi klientom nie je mo\u017en\u00e9 skartova\u0165;<br>&#8211; Skartova\u0165 nie je mo\u017en\u00e9 protokoly klientskych spisov a menoslov klientskych spisov;<br>&#8211; Skartova\u0165 nie je mo\u017en\u00e9 klientsky spis alebo jeho \u010das\u0165, ktor\u00fa je advok\u00e1t povinn\u00fd odovzda\u0165 \u0161t\u00e1tnemu arch\u00edvu;<br>&#8211; Skartova\u0165 nie je mo\u017en\u00e9 klientsky spis, pokia\u013e je veden\u00e9 ak\u00e9ko\u013evek konanie pred s\u00fadom, org\u00e1nom \u0161t\u00e1tnej spr\u00e1vy, org\u00e1nmi \u010dinn\u00fdmi v trestnom konan\u00ed, Slovenskou advok\u00e1tskou komorou, ktor\u00e9 obsahovo s\u00favis\u00ed s obsahom klientskeho spisu alebo ktor\u00e9ho predmetom bolo konanie&nbsp;<span style=\"font-family: var( --e-global-typography-text-font-family ), Sans-serif; font-size: var( --e-global-typography-text-font-size ); font-weight: var( --e-global-typography-text-font-weight ); color: var( --e-global-color-text );\">alebo opomenutie advok\u00e1ta pri poskytovan\u00ed pr\u00e1vnej pomoci vo veci klientovi.<\/span><\/p>\n<p><strong><br><\/strong><\/p>\n<p><strong>Ako o V\u00e1s z\u00edskavame osobn\u00e9 \u00fadaje?<\/strong><\/p>\n<p>Ak ste n\u00e1\u0161 klient, Va\u0161e osobn\u00e9 \u00fadaje naj\u010dastej\u0161ie z\u00edskavame priamo od V\u00e1s. V takom pr\u00edpade je z\u00edskanie Va\u0161ich osobn\u00fdch \u00fadajov dobrovo\u013en\u00e9. V z\u00e1vislosti od konkr\u00e9tneho pr\u00edpadu neposkytnutie osobn\u00fdch \u00fadajov klientom m\u00f4\u017ee ma\u0165 dopad na na\u0161u schopnos\u0165 poskytn\u00fa\u0165 kvalitn\u00e9 pr\u00e1vne poradenstvo alebo vo v\u00fdnimo\u010dn\u00fdch pr\u00edpadoch aj na\u0161u povinnos\u0165 odmietnu\u0165 poskytn\u00fa\u0165 pr\u00e1vne poradenstvo. Osobn\u00e9 \u00fadaje o na\u0161ich klientoch m\u00f4\u017eeme z\u00edskava\u0165 aj z verejne dostupn\u00fdch zdrojov, od org\u00e1nov verejnej moci alebo od in\u00fdch os\u00f4b.<\/p>\n<p>Ak nie ste n\u00e1\u0161 klient, Va\u0161e osobn\u00e9 \u00fadaje naj\u010dastej\u0161ie z\u00edskavame od na\u0161ich klientov alebo z in\u00fdch verejn\u00fdch alebo z\u00e1konn\u00fdch zdrojov ako napr. vy\u017eiadan\u00edm od org\u00e1nov verejnej moci, v\u00fdpisom z verejn\u00fdch registrov, z\u00edskavan\u00edm d\u00f4kazov v prospech klienta a pod. V takom pr\u00edpade o V\u00e1s m\u00f4\u017eeme osobn\u00e9 \u00fadaje z\u00edskava\u0165 bez informovania a aj proti Va\u0161ej v\u00f4li na z\u00e1klade n\u00e1\u0161ho z\u00e1konn\u00e9ho opr\u00e1vnenia a povinnosti vykon\u00e1va\u0165 advok\u00e1ciu v s\u00falade so Z\u00e1konom o advok\u00e1ci\u00ed.<\/p>\n<p><\/p>\n<p><strong><br><\/strong><\/p>\n<p><strong>Ak\u00e9 pr\u00e1va m\u00e1te ako dotknut\u00e1 osoba?<\/strong><\/p>\n<p>Ak o V\u00e1s sprac\u00favame osobn\u00e9 \u00fadaje na z\u00e1klade V\u00e1\u0161ho s\u00fahlasu so sprac\u00favan\u00edm osobn\u00fdch \u00fadajov, m\u00e1te pr\u00e1vo kedyko\u013evek svoj s\u00fahlas odvola\u0165.<\/p>\n<p>Bez ohl\u030cadu na to ma\u0301te pra\u0301vo kedykol\u030cvek namietat\u030c proti spracu\u0301vaniu osobny\u0301ch u\u0301dajov na u\u0301c\u030cely priameho marketingu vra\u0301tane profilovania, pri\u0301padne, ak by sme spracova\u0301vali osobne\u0301 u\u0301daje na za\u0301klade opra\u0301vnene\u0301ho za\u0301ujmu podl\u030ca c\u030cl. 6 ods. 1 pi\u0301sm. f) GDPR.<\/p>\n<p>Ako klient m\u00e1te pr\u00e1vo pova\u017eova\u0165 pr\u00edstup k Va\u0161im osobn\u00fdm \u00fadajom ako aj ich opravu. Ak sprac\u00favame osobn\u00e9 \u00fadaje pri poskytovan\u00ed pr\u00e1vnych slu\u017eieb nem\u00e1te ako klient ani ako in\u00e1 fyzick\u00e1 osoba (napr. protistrana) pr\u00e1vo namieta\u0165 proti tak\u00e9mu sprac\u00favaniu pod\u013ea \u010dl\u00e1nku 22 GDPR. Ak sa osobn\u00e9 \u00fadaje t\u00fdkaj\u00fa klienta (bez oh\u013eadu na to, \u010di je klient pr\u00e1vnick\u00e1 alebo fyzick\u00e1 osoba), pr\u00e1vo na pr\u00edstup \u00fadajov ani pr\u00e1vo na prenosnos\u0165 in\u00e9 osoby nemaj\u00fa z d\u00f4vodu na\u0161ej z\u00e1konnej povinnosti zachov\u00e1va\u0165 ml\u010danlivos\u0165 a poukazom na \u010dl. 15 ods. 4 GDPR, 20 ods. 4 GDPR a \u00a7 18 ods. 8 Z\u00e1kona o advok\u00e1cii: \u201eAdvok\u00e1t nem\u00e1 povinnos\u0165 poskytn\u00fa\u0165 inform\u00e1cie o sprac\u00favan\u00ed osobn\u00fdch \u00fadajov, umo\u017eni\u0165 pr\u00edstup alebo prenosnos\u0165 osobn\u00fdch \u00fadajov pod\u013ea osobitn\u00e9ho predpisu, ak by to mohlo vies\u0165 k poru\u0161eniu povinnosti advok\u00e1ta zachov\u00e1va\u0165 ml\u010danlivos\u0165 pod\u013ea tohto z\u00e1kona.\u201c Takisto m\u00e1te pr\u00e1vo kedyko\u013evek poda\u0165 s\u0165a\u017enos\u0165 \u00daradu na ochranu osobn\u00fdch \u00fadajov, Hrani\u010dn\u00e1 12, 820 07, Bratislava 27, Slovensk\u00e1 republika alebo Slovenskej advok\u00e1tskej komore.<\/p>\n<p><\/p>\n<p><strong><em><br><\/em><\/strong><\/p>\n<p><strong><em>Inform\u00e1cia o tom, \u010di je poskytovanie osobn\u00fdch \u00fadajov z\u00e1konnou alebo zmluvnou po\u017eiadavkou, alebo po\u017eiadavkou, ktor\u00e1 je potrebn\u00e1 na uzavretie zmluvy, \u010di je dotknut\u00e1 osoba povinn\u00e1 poskytn\u00fa\u0165 osobn\u00e9 \u00fadaje, ako aj mo\u017en\u00e9 n\u00e1sledky neposkytnutia tak\u00fdchto \u00fadajov<\/em><\/strong><\/p>\n<p><i><br><\/i>Vysvet\u013eujeme, \u017ee poskytovanie osobn\u00fdch \u00fadajov je \u010diasto\u010dne vy\u017eadovan\u00e9 z\u00e1konom (napr\u00edklad da\u0148ov\u00fdmi predpismi) alebo m\u00f4\u017ee vypl\u00fdva\u0165 aj zo zmluvn\u00fdch ustanoven\u00ed (napr\u00edklad inform\u00e1cie o zmluvnom partnerovi). Ak je potrebn\u00e9 uzatvori\u0165 zmluvu, napr. zmluvu o poskytovan\u00ed pr\u00e1vnych slu\u017eieb, dotknut\u00e1 osoba n\u00e1m poskytne jej osobn\u00e9 \u00fadaje, ktor\u00e9 mus\u00edme n\u00e1sledne spracova\u0165. Dotknut\u00e1 osoba je napr\u00edklad povinn\u00e1 poskytn\u00fa\u0165 n\u00e1m jej osobn\u00e9 \u00fadaje pri uzatvoren\u00ed zmluvy s na\u0161ou Advok\u00e1tskou kancel\u00e1riou. Neposkytnutie osobn\u00fdch \u00fadajov by malo za n\u00e1sledok, \u017ee zmluva s dotknutou osobou by nemohla by\u0165 uzatvoren\u00e1. Predt\u00fdm, ako dotknut\u00e1 osoba poskytne osobn\u00e9 \u00fadaje, m\u00f4\u017ee kontaktova\u0165 na\u0161u Advok\u00e1tsku kancel\u00e1riu. Zamestnanec na\u0161ej Advok\u00e1tskej kancel\u00e1rie objasn\u00ed dotknutej osobe, \u010di je poskytnutie osobn\u00fdch \u00fadajov po\u017eadovan\u00e9 z\u00e1konom alebo zmluvou alebo je nevyhnutn\u00e9 pre uzatvorenie zmluvy, \u010di existuje povinnos\u0165 poskytn\u00fa\u0165 osobn\u00e9 \u00fadaje a ak\u00e9 s\u00fa d\u00f4sledky neposkytnutia osobn\u00fdch \u00fadajov.<\/p>\n<p><\/p>\n<p><strong><em><br><\/em><\/strong><\/p>\n<p><strong><em>Ake\u0301 opra\u0301vnene\u0301 za\u0301ujmy sledujeme pri spracu\u0301vani\u0301 osobny\u0301ch u\u0301dajov? <\/em><\/strong><\/p>\n<p>Advoka\u0301tska kancela\u0301ria poskytuje klientom pra\u0301vne sluz\u030cby, prostredni\u0301ctvom ktory\u0301ch si klienti uplatn\u030cuju\u0301 ro\u0302zne pra\u0301vne na\u0301roky a chra\u0301nia si svoje opra\u0301vnene\u0301 za\u0301ujmy. Ako advoka\u0301ti v ra\u0301mci poskytovania pra\u0301vnych sluz\u030cieb sledujeme opra\u0301vnene\u0301 za\u0301ujmy nas\u030cich klientov, za\u0301roven\u030c vs\u030cak, ako advoka\u0301ti, ma\u0301me postavenie preva\u0301dzkovatel\u030ca podl\u030ca defini\u0301cie GDPR a nespracu\u0301vame osobne\u0301 u\u0301daje klienta alebo iny\u0301ch fyzicky\u0301ch oso\u0302b vy\u0301luc\u030cne na za\u0301klade jeho poverenia a pokynov ako sprostredkovatel\u030c podl\u030ca defini\u0301cie GDPR. Ma\u0301me teda svoje samostatne\u0301, neodvodene\u0301 pra\u0301vo spracu\u0301vat\u030c osobne\u0301 u\u0301daje na u\u0301c\u030cely vy\u0301konu advoka\u0301cie, a to vra\u0301tane citlivy\u0301ch u\u0301dajov (c\u030cl. 9 GDPR), a u\u0301dajov o uznani\u0301 viny za trestne\u0301 c\u030ciny a priestupky (c\u030cl. 10 GDPR), ako aj osobny\u0301ch u\u0301dajov o treti\u0301ch osoba\u0301ch, a to aj bez ich su\u0301hlasu (\u00a7 18 ods. 6 a 7 Za\u0301kona o advoka\u0301cii).<\/p>\n<p>V ra\u0301mci poskytovania pra\u0301vnych sluz\u030cieb a vy\u0301konu advoka\u0301cie ma\u0301me aj my, ako advoka\u0301ti, opra\u0301vnene\u0301 za\u0301ujmy, napr. za\u0301ujem chra\u0301nit\u030c si majetok, a mo\u0302z\u030cu na\u0301m vzniknu\u0301t\u030c pra\u0301vne na\u0301roky voc\u030ci ro\u0302znym fyzicky\u0301m osoba\u0301m, napr. z titulu neplnenia zmluvy, vzniku s\u030ckody atd\u030c. V takomto pri\u0301pade by sme mohli aj my spracu\u0301vat\u030c osobne\u0301 u\u0301daje na za\u0301klade c\u030cla\u0301nku 6 ods. 1 pi\u0301sm. f) GDPR. Informa\u0301cia o tom, c\u030ci je poskytovanie osobny\u0301ch u\u0301dajov za\u0301konnou alebo zmluvnou poz\u030ciadavkou, alebo poz\u030ciadavkou, ktora\u0301 je potrebna\u0301 na uzavretie zmluvy, c\u030ci je dotknuta\u0301 osoba povinna\u0301 poskytnu\u0301t\u030c osobne\u0301 u\u0301daje, ako aj moz\u030cne\u0301 na\u0301sledky neposkytnutia taky\u0301chto u\u0301dajov.<\/p>\n<p>Dovol\u030cujeme si uviest\u030c, z\u030ce poskytovanie osobny\u0301ch u\u0301dajov je c\u030ciastoc\u030cne vyz\u030cadovane\u0301 za\u0301konom (napri\u0301klad dan\u030covy\u0301mi predpismi) alebo mo\u0302z\u030ce vyply\u0301vat\u030c aj zo zmluvny\u0301ch ustanoveni\u0301 (napri\u0301klad informa\u0301cie o zmluvnom partnerovi). Ak je potrebne\u0301 uzatvorit\u030c zmluvu, napr. zmluvu o poskytovani\u0301 pra\u0301vnych sluz\u030cieb, dotknuta\u0301 osoba na\u0301m poskytne jej osobne\u0301 u\u0301daje, ktore\u0301 musi\u0301me na\u0301sledne spracovat\u030c. Dotknuta\u0301 osoba je napri\u0301klad povinna\u0301 poskytnu\u0301t\u030c na\u0301m jej osobne\u0301 u\u0301daje pri uzatvoreni\u0301 zmluvy s nas\u030cou spoloc\u030cnost\u030cou. Neposkytnutie osobny\u0301ch u\u0301dajov by malo za na\u0301sledok, z\u030ce zmluva s dotknutou osobou by nemohla byt\u030c uzatvorena\u0301.<\/p>\n<p><\/p>\n<p><strong><em><br><\/em><\/strong><\/p>\n<p><strong><em>Zmeny podmienok ochrany s\u00fakromia<\/em><\/strong><\/p>\n<p>Ochrana osobn\u00fdch \u00fadajov pre n\u00e1s nie je jednorazovou z\u00e1le\u017eitos\u0165ou. Inform\u00e1cie, ktor\u00e9 sme V\u00e1m povinn\u00ed vzh\u013eadom na na\u0161e sprac\u00favanie osobn\u00fdch \u00fadajov poskytn\u00fa\u0165 sa m\u00f4\u017eu meni\u0165 alebo presta\u0165 by\u0165 aktu\u00e1lne. Z tohto d\u00f4vodu si vyhradzujeme mo\u017enos\u0165 kedyko\u013evek tieto podmienky upravi\u0165 a zmeni\u0165 v akomko\u013evek rozsahu. V pr\u00edpade, sa zmen\u00edme tieto podmienky podstatn\u00fdm sp\u00f4sobom, t\u00fato zmenu V\u00e1m d\u00e1me do pozornosti napr. v\u0161eobecn\u00fdm ozn\u00e1men\u00edm na tejto webstr\u00e1nke alebo osobitn\u00fdm ozn\u00e1men\u00edm prostredn\u00edctvom emailu.<\/p>\n<p><\/p>\n<p><strong><em><br><\/em><\/strong><\/p>\n<p><strong><em>Spracu\u0301vanie su\u0301borov cookies <\/em><\/strong><\/p>\n<p>Cookies s\u00fa mal\u00e9 textov\u00e9 s\u00fabory, ktor\u00e9 zlep\u0161uj\u00fa pou\u017e\u00edvanie webstr\u00e1nky napr. t\u00fdm, \u017ee umo\u017e\u0148uj\u00fa rozpozna\u0165 predch\u00e1dzaj\u00facich n\u00e1v\u0161tevn\u00edkov pri prihlasovan\u00ed do u\u017e\u00edvate\u013esk\u00e9ho prostredia, zapam\u00e4tan\u00edm vo\u013eby n\u00e1v\u0161tevn\u00edka pri otv\u00e1ran\u00ed nov\u00e9ho okna, meran\u00ed n\u00e1v\u0161tevnosti webstr\u00e1nky alebo sp\u00f4sobu jej vyu\u017e\u00edvania pre u\u017e\u00edvate\u013esk\u00e9 zlep\u0161ovanie. Na\u0161a webov\u00e1 str\u00e1nka (www.ikc.sk) pou\u017e\u00edva s\u00fabory cookies na \u00fa\u010dely zapam\u00e4tania predvolieb preh\u013ead\u00e1vania (napr\u00edklad ve\u013ekosti textu, uprednost\u0148ovan\u00e9ho jazyka, a pod.) Uveden\u00e9 n\u00e1m umo\u017e\u0148uje jednoduch\u0161ie prech\u00e1dzanie na\u0161ou str\u00e1nkou, a zhroma\u017e\u010fovanie analytick\u00fdch inform\u00e1ci\u00ed a to napr\u00edklad po\u010dtu n\u00e1v\u0161tevn\u00edkov na na\u0161ej webovej str\u00e1nke. Pou\u017e\u00edvan\u00edm s\u00faborov cookies, nedoch\u00e1dza k poru\u0161ovaniu GDPR. Ukladaniu t\u00fdchto s\u00faborov do V\u00e1\u0161ho zariadenia m\u00f4\u017eete kedyko\u013evek zabr\u00e1ni\u0165 nastaven\u00edm V\u00e1\u0161ho webov\u00e9ho prehliada\u010da. Napr\u00edklad v pr\u00edpade webov\u00e9ho prehliada\u010da Google Chrome m\u00f4\u017eete toto nastavenie n\u00e1js\u0165 na tomto odkaze:&nbsp;<a href=\"https:\/\/support.google.com\/accounts\/answer\/61416?co=GENIE.Platform%3DDesktop&amp;hl=sk\">https:\/\/support.google.com\/accounts\/answer\/61416?co=GENIE.Platform%3DDesktop&amp;hl=sk<\/a>. Nastavenie V\u00e1\u0161ho prehliada\u010da je v zmysle \u00a7 55 ods.5 Z\u00e1kona o elektronick\u00fdch komunik\u00e1ci\u00e1ch pova\u017eovan\u00e9 za V\u00e1\u0161 s\u00fahlas s pou\u017e\u00edvan\u00edm cookies na na\u0161ej str\u00e1nke.<\/p>\t\t\t\t\t\t<\/div>\n\t\t\t\t<\/div>\n\t\t\t\t\t<\/div>\n\t\t<\/div>\n\t\t\t\t\t<\/div>\n\t\t<\/section>\n\t\t\t\t<section class=\"elementor-section elementor-top-section elementor-element elementor-element-92a23ff elementor-section-content-middle elementor-section-boxed elementor-section-height-default elementor-section-height-default\" data-id=\"92a23ff\" data-element_type=\"section\" data-settings=\"{&quot;background_background&quot;:&quot;classic&quot;}\">\n\t\t\t\t\t\t\t<div class=\"elementor-background-overlay\"><\/div>\n\t\t\t\t\t\t\t<div class=\"elementor-container elementor-column-gap-no\">\n\t\t\t\t\t<div class=\"elementor-column elementor-col-50 elementor-top-column elementor-element elementor-element-f0e4255\" data-id=\"f0e4255\" data-element_type=\"column\">\n\t\t\t<div class=\"elementor-widget-wrap elementor-element-populated\">\n\t\t\t\t\t\t<div class=\"elementor-element elementor-element-3e46ecb elementor-widget elementor-widget-heading\" data-id=\"3e46ecb\" data-element_type=\"widget\" data-widget_type=\"heading.default\">\n\t\t\t\t<div class=\"elementor-widget-container\">\n\t\t\t<h5 class=\"elementor-heading-title elementor-size-default\">Kontakt<\/h5>\t\t<\/div>\n\t\t\t\t<\/div>\n\t\t\t\t<div class=\"elementor-element elementor-element-f452ee7 elementor-widget elementor-widget-heading\" data-id=\"f452ee7\" data-element_type=\"widget\" data-widget_type=\"heading.default\">\n\t\t\t\t<div class=\"elementor-widget-container\">\n\t\t\t<h2 class=\"elementor-heading-title elementor-size-default\">Nev\u00e1hajte n\u00e1s oslovi\u0165!<\/h2>\t\t<\/div>\n\t\t\t\t<\/div>\n\t\t\t\t<div class=\"elementor-element elementor-element-6f58834 elementor-widget elementor-widget-text-editor\" data-id=\"6f58834\" data-element_type=\"widget\" data-widget_type=\"text-editor.default\">\n\t\t\t\t<div class=\"elementor-widget-container\">\n\t\t\t\t\t\t\t<p>M\u00e1te ot\u00e1zky alebo potrebujete odborn\u00fa pr\u00e1vnu radu? Nev\u00e1hajte n\u00e1s kontaktova\u0165. Na\u0161a advok\u00e1tska kancel\u00e1ria je pripraven\u00e1 pom\u00f4c\u0165 v\u00e1m s rie\u0161en\u00edm va\u0161ich pr\u00e1vnych z\u00e1le\u017eitost\u00ed. \u010ci u\u017e ide o konzult\u00e1cie, pr\u00edpravu dokumentov alebo zastupovanie, radi v\u00e1m poskytneme na\u0161e slu\u017eby.<\/p>\t\t\t\t\t\t<\/div>\n\t\t\t\t<\/div>\n\t\t\t\t<section class=\"elementor-section elementor-inner-section elementor-element elementor-element-f772bcd elementor-section-boxed elementor-section-height-default elementor-section-height-default\" data-id=\"f772bcd\" data-element_type=\"section\">\n\t\t\t\t\t\t<div class=\"elementor-container elementor-column-gap-no\">\n\t\t\t\t\t<div class=\"elementor-column elementor-col-100 elementor-inner-column elementor-element elementor-element-bddb324\" data-id=\"bddb324\" data-element_type=\"column\">\n\t\t\t<div class=\"elementor-widget-wrap elementor-element-populated\">\n\t\t\t\t\t\t<div class=\"elementor-element elementor-element-484f2a0 elementor-widget elementor-widget-heading\" data-id=\"484f2a0\" data-element_type=\"widget\" data-widget_type=\"heading.default\">\n\t\t\t\t<div class=\"elementor-widget-container\">\n\t\t\t<h4 class=\"elementor-heading-title elementor-size-default\">IKC - advok\u00e1tska kancel\u00e1ria  s.r.o.<\/h4>\t\t<\/div>\n\t\t\t\t<\/div>\n\t\t\t\t<div class=\"elementor-element elementor-element-abeff3a elementor-mobile-align-left elementor-icon-list--layout-traditional elementor-list-item-link-full_width elementor-widget elementor-widget-icon-list\" data-id=\"abeff3a\" data-element_type=\"widget\" data-widget_type=\"icon-list.default\">\n\t\t\t\t<div class=\"elementor-widget-container\">\n\t\t\t\t\t<ul class=\"elementor-icon-list-items\">\n\t\t\t\t\t\t\t<li class=\"elementor-icon-list-item\">\n\t\t\t\t\t\t\t\t\t\t\t<span class=\"elementor-icon-list-icon\">\n\t\t\t\t\t\t\t<i aria-hidden=\"true\" class=\"jki jki-man-light\"><\/i>\t\t\t\t\t\t<\/span>\n\t\t\t\t\t\t\t\t\t\t<span class=\"elementor-icon-list-text\">JUDr. Ivana Kri\u017eov\u00e1 \u010cerven\u00e1kov\u00e1<\/span>\n\t\t\t\t\t\t\t\t\t<\/li>\n\t\t\t\t\t\t\t\t<li class=\"elementor-icon-list-item\">\n\t\t\t\t\t\t\t\t\t\t\t<span class=\"elementor-icon-list-icon\">\n\t\t\t\t\t\t\t<i aria-hidden=\"true\" class=\"jki jki-map-pin-line\"><\/i>\t\t\t\t\t\t<\/span>\n\t\t\t\t\t\t\t\t\t\t<span class=\"elementor-icon-list-text\">Hlavn\u00e1 45, 080 01 Pre\u0161ov<\/span>\n\t\t\t\t\t\t\t\t\t<\/li>\n\t\t\t\t\t\t\t\t<li class=\"elementor-icon-list-item\">\n\t\t\t\t\t\t\t\t\t\t\t<a href=\"tel:+421%20911%20731%20454\">\n\n\t\t\t\t\t\t\t\t\t\t\t\t<span class=\"elementor-icon-list-icon\">\n\t\t\t\t\t\t\t<i aria-hidden=\"true\" class=\"jki jki-phone-incoming-line\"><\/i>\t\t\t\t\t\t<\/span>\n\t\t\t\t\t\t\t\t\t\t<span class=\"elementor-icon-list-text\">+421 911 731 454<\/span>\n\t\t\t\t\t\t\t\t\t\t\t<\/a>\n\t\t\t\t\t\t\t\t\t<\/li>\n\t\t\t\t\t\t\t\t<li class=\"elementor-icon-list-item\">\n\t\t\t\t\t\t\t\t\t\t\t<span class=\"elementor-icon-list-icon\">\n\t\t\t\t\t\t\t<svg aria-hidden=\"true\" class=\"e-font-icon-svg e-far-envelope\" viewBox=\"0 0 512 512\" xmlns=\"http:\/\/www.w3.org\/2000\/svg\"><path d=\"M464 64H48C21.49 64 0 85.49 0 112v288c0 26.51 21.49 48 48 48h416c26.51 0 48-21.49 48-48V112c0-26.51-21.49-48-48-48zm0 48v40.805c-22.422 18.259-58.168 46.651-134.587 106.49-16.841 13.247-50.201 45.072-73.413 44.701-23.208.375-56.579-31.459-73.413-44.701C106.18 199.465 70.425 171.067 48 152.805V112h416zM48 400V214.398c22.914 18.251 55.409 43.862 104.938 82.646 21.857 17.205 60.134 55.186 103.062 54.955 42.717.231 80.509-37.199 103.053-54.947 49.528-38.783 82.032-64.401 104.947-82.653V400H48z\"><\/path><\/svg>\t\t\t\t\t\t<\/span>\n\t\t\t\t\t\t\t\t\t\t<span class=\"elementor-icon-list-text\">advokat@ikc.sk<\/span>\n\t\t\t\t\t\t\t\t\t<\/li>\n\t\t\t\t\t\t<\/ul>\n\t\t\t\t<\/div>\n\t\t\t\t<\/div>\n\t\t\t\t\t<\/div>\n\t\t<\/div>\n\t\t\t\t\t<\/div>\n\t\t<\/section>\n\t\t\t\t\t<\/div>\n\t\t<\/div>\n\t\t\t\t<div class=\"elementor-column elementor-col-50 elementor-top-column elementor-element elementor-element-dcd0d28\" data-id=\"dcd0d28\" data-element_type=\"column\">\n\t\t\t<div class=\"elementor-widget-wrap elementor-element-populated\">\n\t\t\t\t\t\t<div class=\"elementor-element elementor-element-b150317 elementor-widget elementor-widget-metform\" data-id=\"b150317\" data-element_type=\"widget\" data-widget_type=\"metform.default\">\n\t\t\t\t<div class=\"elementor-widget-container\">\n\t\t\t<div id=\"mf-response-props-id-202\" data-previous-steps-style=\"\" data-editswitchopen=\"\" data-response_type=\"alert\" data-erroricon=\"fas fa-exclamation-triangle\" data-successicon=\"fas fa-check\" data-messageposition=\"top\" class=\"   mf-scroll-top-no\">\n\t\t<div class=\"formpicker_warper formpicker_warper_editable\" data-metform-formpicker-key=\"202\" >\n\t\t\t\t\n\t\t\t<div class=\"elementor-widget-container\">\n\t\t\t\t\r\n\t\t<div\r\n\t\t\tid=\"metform-wrap-b150317-202\"\r\n\t\t\tclass=\"mf-form-wrapper\"\r\n\t\t\tdata-form-id=\"202\"\r\n\t\t\tdata-action=\"https:\/\/www.ikc.sk\/index.php\/wp-json\/metform\/v1\/entries\/insert\/202\"\r\n\t\t\tdata-wp-nonce=\"a3002199d0\"\r\n\t\t\tdata-form-nonce=\"bb649a8576\"\r\n\t\t\tdata-quiz-summery = \"false\"\r\n\t\t\tdata-save-progress = \"false\"\r\n\t\t\tdata-form-type=\"general-form\"\r\n\t\t\tdata-stop-vertical-effect=\"\"\r\n\t\t\t><\/div>\r\n\r\n\r\n\t\t<!----------------------------- \r\n\t\t\t* controls_data : find the the props passed indie of data attribute\r\n\t\t\t* props.SubmitResponseMarkup : contains the markup of error or success message\r\n\t\t\t* https:\/\/developer.mozilla.org\/en-US\/docs\/Web\/JavaScript\/Reference\/Template_literals\r\n\t\t--------------------------- -->\r\n\r\n\t\t\t\t<script type=\"text\/mf\" class=\"mf-template\">\r\n\t\t\tfunction controls_data (value){\r\n\t\t\t\tlet currentWrapper = \"mf-response-props-id-202\";\r\n\t\t\t\tlet currentEl = document.getElementById(currentWrapper);\r\n\t\t\t\t\r\n\t\t\t\treturn currentEl ? currentEl.dataset[value] : false\r\n\t\t\t}\r\n\r\n\r\n\t\t\tlet is_edit_mode = '' ? true : false;\r\n\t\t\tlet message_position = controls_data('messageposition') || 'top';\r\n\r\n\t\t\t\r\n\t\t\tlet message_successIcon = controls_data('successicon') || '';\r\n\t\t\tlet message_errorIcon = controls_data('erroricon') || '';\r\n\t\t\tlet message_editSwitch = controls_data('editswitchopen') === 'yes' ? true : false;\r\n\t\t\tlet message_proClass = controls_data('editswitchopen') === 'yes' ? 'mf_pro_activated' : '';\r\n\t\t\t\r\n\t\t\tlet is_dummy_markup = is_edit_mode && message_editSwitch ? true : false;\r\n\r\n\t\t\t\r\n\t\t\treturn html`\r\n\t\t\t\t<form\r\n\t\t\t\t\tclassName=\"metform-form-content\"\r\n\t\t\t\t\tref=${parent.formContainerRef}\r\n\t\t\t\t\tonSubmit=${ validation.handleSubmit( parent.handleFormSubmit ) }\r\n\t\t\t\t\r\n\t\t\t\t\t>\r\n\t\t\t\r\n\t\t\t\r\n\t\t\t\t\t${is_dummy_markup ? message_position === 'top' ?  props.ResponseDummyMarkup(message_successIcon, message_proClass) : '' : ''}\r\n\t\t\t\t\t${is_dummy_markup ? ' ' :  message_position === 'top' ? props.SubmitResponseMarkup`${parent}${state}${message_successIcon}${message_errorIcon}${message_proClass}` : ''}\r\n\r\n\t\t\t\t\t<!--------------------------------------------------------\r\n\t\t\t\t\t*** IMPORTANT \/ DANGEROUS ***\r\n\t\t\t\t\t${html``} must be used as in immediate child of \"metform-form-main-wrapper\"\r\n\t\t\t\t\tclass otherwise multistep form will not run at all\r\n\t\t\t\t\t---------------------------------------------------------->\r\n\r\n\t\t\t\t\t<div className=\"metform-form-main-wrapper\" key=${'hide-form-after-submit'} ref=${parent.formRef}>\r\n\t\t\t\t\t${html`\r\n\t\t\t\t\t\t\t\t<div data-elementor-type=\"wp-post\" key=\"2\" data-elementor-id=\"202\" className=\"elementor elementor-202\">\n\t\t\t\t\t\t<section className=\"elementor-section elementor-top-section elementor-element elementor-element-22c646d7 elementor-section-boxed elementor-section-height-default elementor-section-height-default\" data-id=\"22c646d7\" data-element_type=\"section\" data-settings=\"{&quot;background_background&quot;:&quot;classic&quot;}\">\n\t\t\t\t\t\t<div className=\"elementor-container elementor-column-gap-no\">\n\t\t\t\t\t<div className=\"elementor-column elementor-col-100 elementor-top-column elementor-element elementor-element-48e5a923\" data-id=\"48e5a923\" data-element_type=\"column\">\n\t\t\t<div className=\"elementor-widget-wrap elementor-element-populated\">\n\t\t\t\t\t\t<section className=\"elementor-section elementor-inner-section elementor-element elementor-element-6f5daa6d elementor-section-boxed elementor-section-height-default elementor-section-height-default\" data-id=\"6f5daa6d\" data-element_type=\"section\">\n\t\t\t\t\t\t<div className=\"elementor-container elementor-column-gap-extended\">\n\t\t\t\t\t<div className=\"elementor-column elementor-col-100 elementor-inner-column elementor-element elementor-element-5594fce7\" data-id=\"5594fce7\" data-element_type=\"column\">\n\t\t\t<div className=\"elementor-widget-wrap elementor-element-populated\">\n\t\t\t\t\t\t<div className=\"elementor-element elementor-element-3126b55c elementor-widget elementor-widget-mf-text\" data-id=\"3126b55c\" data-element_type=\"widget\" data-settings=\"{&quot;mf_input_name&quot;:&quot;meno_a_priezvisko&quot;}\" data-widget_type=\"mf-text.default\">\n\t\t\t\t<div className=\"elementor-widget-container\">\n\t\t\t\r\n\t\t<div className=\"mf-input-wrapper\">\r\n\t\t\t\r\n\t\t\t<input\r\n\t\t\t\ttype=\"text\"\r\n\t\t\t\tclassName=\"mf-input \"\r\n\t\t\t\tid=\"mf-input-text-3126b55c\"\r\n\t\t\t\tname=\"meno_a_priezvisko\"\r\n\t\t\t\tplaceholder=\"${ parent.decodeEntities(`Meno Priezvisko`) } \"\r\n\t\t\t\t\t\t\t\t\tonInput=${parent.handleChange}\r\n\t\t\t\t\tonBlur=${parent.handleChange}\r\n\t\t\t\t\taria-invalid=${validation.errors['meno_a_priezvisko'] ? 'true' : 'false'}\r\n\t\t\t\t\tref=${el =>{\r\n\t\t\t\t\t\t\t\t\t\t\t\tparent.activateValidation({\"message\":\"Toto pole je povinn\\u00e9.\",\"minLength\":1,\"maxLength\":\"\",\"type\":\"none\",\"required\":true,\"expression\":\"null\"}, el)\r\n\t\t\t\t\t}}\r\n\t\t\t\t\t\t\t\t\/>\r\n\r\n\t\t\t\t\t\t\t<${validation.ErrorMessage}\r\n\t\t\t\t\terrors=${validation.errors}\r\n\t\t\t\t\tname=\"meno_a_priezvisko\"\r\n\t\t\t\t\tas=${html`<span className=\"mf-error-message\"><\/span>`}\r\n\t\t\t\t\t\/>\r\n\t\t\t\r\n\t\t\t\t\t<\/div>\r\n\r\n\t\t\t\t<\/div>\n\t\t\t\t<\/div>\n\t\t\t\t\t<\/div>\n\t\t<\/div>\n\t\t\t\t\t<\/div>\n\t\t<\/section>\n\t\t\t\t<section className=\"elementor-section elementor-inner-section elementor-element elementor-element-685db6f6 elementor-section-boxed elementor-section-height-default elementor-section-height-default\" data-id=\"685db6f6\" data-element_type=\"section\">\n\t\t\t\t\t\t<div className=\"elementor-container elementor-column-gap-extended\">\n\t\t\t\t\t<div className=\"elementor-column elementor-col-100 elementor-inner-column elementor-element elementor-element-2f368913\" data-id=\"2f368913\" data-element_type=\"column\">\n\t\t\t<div className=\"elementor-widget-wrap elementor-element-populated\">\n\t\t\t\t\t\t<div className=\"elementor-element elementor-element-ac634d4 elementor-widget elementor-widget-mf-email\" data-id=\"ac634d4\" data-element_type=\"widget\" data-settings=\"{&quot;mf_input_name&quot;:&quot;Email&quot;}\" data-widget_type=\"mf-email.default\">\n\t\t\t\t<div className=\"elementor-widget-container\">\n\t\t\t\r\n\t\t<div className=\"mf-input-wrapper\">\r\n\t\t\t\r\n\t\t\t<input \r\n\t\t\t\ttype=\"email\" \r\n\t\t\t\t \r\n\t\t\t\tdefaultValue=\"\" \r\n\t\t\t\tclassName=\"mf-input \" \r\n\t\t\t\tid=\"mf-input-email-ac634d4\" \r\n\t\t\t\tname=\"Email\" \r\n\t\t\t\tplaceholder=\"${ parent.decodeEntities(`Email`) } \" \r\n\t\t\t\t \r\n\t\t\t\tonBlur=${parent.handleChange} onFocus=${parent.handleChange} aria-invalid=${validation.errors['Email'] ? 'true' : 'false' } \r\n\t\t\t\tref=${el=> parent.activateValidation({\"message\":\"Toto pole je povinn\\u00e9.\",\"emailMessage\":\"Please enter a valid Email address\",\"minLength\":1,\"maxLength\":\"\",\"type\":\"none\",\"required\":true,\"expression\":\"null\"}, el)}\r\n\t\t\t\t\t\t\t\/>\r\n\r\n\t\t\t\t\t\t<${validation.ErrorMessage} \r\n\t\t\t\terrors=${validation.errors} \r\n\t\t\t\tname=\"Email\" \r\n\t\t\t\tas=${html`<span className=\"mf-error-message\"><\/span>`}\r\n\t\t\t\/>\r\n\t\t\t\r\n\t\t\t\t\t<\/div>\r\n\r\n\t\t<\/div>\n\t\t\t\t<\/div>\n\t\t\t\t\t<\/div>\n\t\t<\/div>\n\t\t\t\t\t<\/div>\n\t\t<\/section>\n\t\t\t\t<section className=\"elementor-section elementor-inner-section elementor-element elementor-element-4b02cebd elementor-section-boxed elementor-section-height-default elementor-section-height-default\" data-id=\"4b02cebd\" data-element_type=\"section\">\n\t\t\t\t\t\t<div className=\"elementor-container elementor-column-gap-extended\">\n\t\t\t\t\t<div className=\"elementor-column elementor-col-100 elementor-inner-column elementor-element elementor-element-6864d5fe\" data-id=\"6864d5fe\" data-element_type=\"column\">\n\t\t\t<div className=\"elementor-widget-wrap elementor-element-populated\">\n\t\t\t\t\t\t<div className=\"elementor-element elementor-element-1a35037f elementor-widget elementor-widget-mf-text\" data-id=\"1a35037f\" data-element_type=\"widget\" data-settings=\"{&quot;mf_input_name&quot;:&quot;tel_cislo&quot;}\" data-widget_type=\"mf-text.default\">\n\t\t\t\t<div className=\"elementor-widget-container\">\n\t\t\t\r\n\t\t<div className=\"mf-input-wrapper\">\r\n\t\t\t\r\n\t\t\t<input\r\n\t\t\t\ttype=\"text\"\r\n\t\t\t\tclassName=\"mf-input \"\r\n\t\t\t\tid=\"mf-input-text-1a35037f\"\r\n\t\t\t\tname=\"tel_cislo\"\r\n\t\t\t\tplaceholder=\"${ parent.decodeEntities(`Tel. \u010d\u00edslo`) } \"\r\n\t\t\t\t\t\t\t\t\tonInput=${parent.handleChange}\r\n\t\t\t\t\tonBlur=${parent.handleChange}\r\n\t\t\t\t\taria-invalid=${validation.errors['tel_cislo'] ? 'true' : 'false'}\r\n\t\t\t\t\tref=${el =>{\r\n\t\t\t\t\t\t\t\t\t\t\t\tparent.activateValidation({\"message\":\"Toto pole je povinn\\u00e9.\",\"minLength\":1,\"maxLength\":\"\",\"type\":\"none\",\"required\":true,\"expression\":\"null\"}, el)\r\n\t\t\t\t\t}}\r\n\t\t\t\t\t\t\t\t\/>\r\n\r\n\t\t\t\t\t\t\t<${validation.ErrorMessage}\r\n\t\t\t\t\terrors=${validation.errors}\r\n\t\t\t\t\tname=\"tel_cislo\"\r\n\t\t\t\t\tas=${html`<span className=\"mf-error-message\"><\/span>`}\r\n\t\t\t\t\t\/>\r\n\t\t\t\r\n\t\t\t\t\t<\/div>\r\n\r\n\t\t\t\t<\/div>\n\t\t\t\t<\/div>\n\t\t\t\t\t<\/div>\n\t\t<\/div>\n\t\t\t\t\t<\/div>\n\t\t<\/section>\n\t\t\t\t<section className=\"elementor-section elementor-inner-section elementor-element elementor-element-22f6b4bc elementor-section-boxed elementor-section-height-default elementor-section-height-default\" data-id=\"22f6b4bc\" data-element_type=\"section\">\n\t\t\t\t\t\t<div className=\"elementor-container elementor-column-gap-extended\">\n\t\t\t\t\t<div className=\"elementor-column elementor-col-100 elementor-inner-column elementor-element elementor-element-4b59a370\" data-id=\"4b59a370\" data-element_type=\"column\">\n\t\t\t<div className=\"elementor-widget-wrap elementor-element-populated\">\n\t\t\t\t\t\t<div className=\"elementor-element elementor-element-33462278 elementor-widget elementor-widget-mf-textarea\" data-id=\"33462278\" data-element_type=\"widget\" data-settings=\"{&quot;mf_input_name&quot;:&quot;sprava&quot;}\" data-widget_type=\"mf-textarea.default\">\n\t\t\t\t<div className=\"elementor-widget-container\">\n\t\t\t\r\n\t\t<div className=\"mf-input-wrapper\">\r\n\t\t\t\r\n\t\t\t<textarea className=\"mf-input mf-textarea \" id=\"mf-input-text-area-33462278\"\r\n\t\t\t\tname=\"sprava\" \r\n\t\t\t\tplaceholder=\"${ parent.decodeEntities(`Spr\u00e1va`) } \"\r\n\t\t\t\tcols=\"30\" rows=\"10\"\r\n\t\t\t\t\t\t\t\t\tonInput=${ parent.handleChange }\r\n\t\t\t\t\taria-invalid=${validation.errors['sprava'] ? 'true' : 'false'}\r\n\t\t\t\t\tref=${ el => parent.activateValidation({\"message\":\"This field is required.\",\"minLength\":1,\"maxLength\":\"\",\"type\":\"none\",\"required\":false,\"expression\":\"null\"}, el)}\r\n\t\t\t\t\t\t\t\t><\/textarea>\r\n\r\n\t\t\t\t\t\t\t<${validation.ErrorMessage}\r\n\t\t\t\t\terrors=${validation.errors}\r\n\t\t\t\t\tname=\"sprava\"\r\n\t\t\t\t\tas=${html`<span className=\"mf-error-message\"><\/span>`}\r\n\t\t\t\t\t\/>\r\n\t\t\t\t\t\t\t\t<\/div>\r\n\r\n\t\t\t\t<\/div>\n\t\t\t\t<\/div>\n\t\t\t\t<div className=\"elementor-element elementor-element-6628f1cb mf-btn--center elementor-widget elementor-widget-mf-button\" data-id=\"6628f1cb\" data-element_type=\"widget\" data-widget_type=\"mf-button.default\">\n\t\t\t\t<div className=\"elementor-widget-container\">\n\t\t\t\t\t<div className=\"mf-btn-wraper \" data-mf-form-conditional-logic-requirement=\"\">\r\n\t\t\t\t\t\t\t<button type=\"submit\" className=\"metform-btn metform-submit-btn \" id=\"\">\r\n\t\t\t\t\t<span>${ parent.decodeEntities(`Odosla\u0165`) } <\/span>\r\n\t\t\t\t<\/button>\r\n\t\t\t        <\/div>\r\n        \t\t<\/div>\n\t\t\t\t<\/div>\n\t\t\t\t\t<\/div>\n\t\t<\/div>\n\t\t\t\t\t<\/div>\n\t\t<\/section>\n\t\t\t\t\t<\/div>\n\t\t<\/div>\n\t\t\t\t\t<\/div>\n\t\t<\/section>\n\t\t\t\t<\/div>\n\t\t\t\t\t\t\t`}\r\n\t\t\t\t\t<\/div>\r\n\r\n\t\t\t\t\t${is_dummy_markup ? message_position === 'bottom' ? props.ResponseDummyMarkup(message_successIcon, message_proClass) : '' : ''}\r\n\t\t\t\t\t${is_dummy_markup ? ' ' : message_position === 'bottom' ? props.SubmitResponseMarkup`${parent}${state}${message_successIcon}${message_errorIcon}${message_proClass}` : ''}\r\n\t\t\t\t\r\n\t\t\t\t<\/form>\r\n\t\t\t`\r\n\t\t<\/script>\r\n\r\n\t\t\t\t\t<\/div>\n\t\t<\/div>\n\t\t<\/div>\t\t<\/div>\n\t\t\t\t<\/div>\n\t\t\t\t\t<\/div>\n\t\t<\/div>\n\t\t\t\t\t<\/div>\n\t\t<\/section>\n\t\t<div class=\"elementor-element elementor-element-216701a e-flex e-con-boxed e-con e-parent\" data-id=\"216701a\" data-element_type=\"container\">\n\t\t\t\t\t<div class=\"e-con-inner\">\n\t\t<div class=\"elementor-element elementor-element-da0568d e-con-full e-flex e-con e-child\" data-id=\"da0568d\" data-element_type=\"container\">\n\t\t\t\t<div class=\"elementor-element elementor-element-f61f581 elementor-widget elementor-widget-spacer\" data-id=\"f61f581\" data-element_type=\"widget\" data-widget_type=\"spacer.default\">\n\t\t\t\t<div class=\"elementor-widget-container\">\n\t\t\t\t\t<div class=\"elementor-spacer\">\n\t\t\t<div class=\"elementor-spacer-inner\"><\/div>\n\t\t<\/div>\n\t\t\t\t<\/div>\n\t\t\t\t<\/div>\n\t\t\t\t<\/div>\n\t\t\t\t\t<\/div>\n\t\t\t\t<\/div>\n\t\t\t\t<\/div>\n\t\t","protected":false},"excerpt":{"rendered":"<p>GDPR GDPR Z\u00e1sady ochrany osobn\u00fdch \u00fadajov (GDPR) IKC \u2013 advok\u00e1tska kancel\u00e1ria s.r.o., so s\u00eddlom Hruny 11B, 08001 Pre\u0161ov, I\u010cO: 56108222 (\u201eadvok\u00e1tska kancel\u00e1ria\u201c), chr\u00e1ni v\u0161etky sprac\u00favan\u00e9 osobn\u00e9 \u00fadaje ako pr\u00edsne d\u00f4vern\u00e9 a&nbsp;naklad\u00e1 s&nbsp;nimi v&nbsp;s\u00falade s&nbsp;Nariaden\u00edm Eur\u00f3pskeho parlamentu a Rady (E\u00da) 2016\/679 z 27. apr\u00edla 2016 o ochrane fyzick\u00fdch os\u00f4b pri sprac\u00favan\u00ed osobn\u00fdch \u00fadajov a o vo\u013enom [&hellip;]<\/p>\n","protected":false},"author":1,"featured_media":0,"parent":0,"menu_order":0,"comment_status":"closed","ping_status":"closed","template":"elementor_header_footer","meta":{"footnotes":""},"class_list":["post-157","page","type-page","status-publish","hentry"],"yoast_head":"<!-- This site is optimized with the Yoast SEO plugin v23.7 - https:\/\/yoast.com\/wordpress\/plugins\/seo\/ -->\n<title>GDPR - IKC - advok\u00e1tska kancel\u00e1ria s.r.o.<\/title>\n<meta name=\"robots\" content=\"index, follow, max-snippet:-1, max-image-preview:large, max-video-preview:-1\" \/>\n<link rel=\"canonical\" href=\"https:\/\/www.ikc.sk\/index.php\/gdpr\/\" \/>\n<meta property=\"og:locale\" content=\"sk_SK\" \/>\n<meta property=\"og:type\" content=\"article\" \/>\n<meta property=\"og:title\" content=\"GDPR - IKC - advok\u00e1tska kancel\u00e1ria s.r.o.\" \/>\n<meta property=\"og:description\" content=\"GDPR GDPR Z\u00e1sady ochrany osobn\u00fdch \u00fadajov (GDPR) IKC \u2013 advok\u00e1tska kancel\u00e1ria s.r.o., so s\u00eddlom Hruny 11B, 08001 Pre\u0161ov, I\u010cO: 56108222 (\u201eadvok\u00e1tska kancel\u00e1ria\u201c), chr\u00e1ni v\u0161etky sprac\u00favan\u00e9 osobn\u00e9 \u00fadaje ako pr\u00edsne d\u00f4vern\u00e9 a&nbsp;naklad\u00e1 s&nbsp;nimi v&nbsp;s\u00falade s&nbsp;Nariaden\u00edm Eur\u00f3pskeho parlamentu a Rady (E\u00da) 2016\/679 z 27. apr\u00edla 2016 o ochrane fyzick\u00fdch os\u00f4b pri sprac\u00favan\u00ed osobn\u00fdch \u00fadajov a o vo\u013enom [&hellip;]\" \/>\n<meta property=\"og:url\" content=\"https:\/\/www.ikc.sk\/index.php\/gdpr\/\" \/>\n<meta property=\"og:site_name\" content=\"IKC - advok\u00e1tska kancel\u00e1ria s.r.o.\" \/>\n<meta property=\"article:modified_time\" content=\"2025-02-01T17:23:17+00:00\" \/>\n<meta name=\"twitter:card\" content=\"summary_large_image\" \/>\n<meta name=\"twitter:label1\" content=\"Predpokladan\u00fd \u010das \u010d\u00edtania\" \/>\n\t<meta name=\"twitter:data1\" content=\"12 min\u00fat\" \/>\n<script type=\"application\/ld+json\" class=\"yoast-schema-graph\">{\"@context\":\"https:\/\/schema.org\",\"@graph\":[{\"@type\":\"WebPage\",\"@id\":\"https:\/\/www.ikc.sk\/index.php\/gdpr\/\",\"url\":\"https:\/\/www.ikc.sk\/index.php\/gdpr\/\",\"name\":\"GDPR - IKC - advok\u00e1tska kancel\u00e1ria s.r.o.\",\"isPartOf\":{\"@id\":\"https:\/\/www.ikc.sk\/#website\"},\"datePublished\":\"2024-10-28T13:19:37+00:00\",\"dateModified\":\"2025-02-01T17:23:17+00:00\",\"breadcrumb\":{\"@id\":\"https:\/\/www.ikc.sk\/index.php\/gdpr\/#breadcrumb\"},\"inLanguage\":\"sk-SK\",\"potentialAction\":[{\"@type\":\"ReadAction\",\"target\":[\"https:\/\/www.ikc.sk\/index.php\/gdpr\/\"]}]},{\"@type\":\"BreadcrumbList\",\"@id\":\"https:\/\/www.ikc.sk\/index.php\/gdpr\/#breadcrumb\",\"itemListElement\":[{\"@type\":\"ListItem\",\"position\":1,\"name\":\"Domovsk\u00e1 str\u00e1nka\",\"item\":\"https:\/\/www.ikc.sk\/\"},{\"@type\":\"ListItem\",\"position\":2,\"name\":\"GDPR\"}]},{\"@type\":\"WebSite\",\"@id\":\"https:\/\/www.ikc.sk\/#website\",\"url\":\"https:\/\/www.ikc.sk\/\",\"name\":\"IKC - advok\u00e1tska kancel\u00e1ria s.r.o.\",\"description\":\"\",\"potentialAction\":[{\"@type\":\"SearchAction\",\"target\":{\"@type\":\"EntryPoint\",\"urlTemplate\":\"https:\/\/www.ikc.sk\/?s={search_term_string}\"},\"query-input\":{\"@type\":\"PropertyValueSpecification\",\"valueRequired\":true,\"valueName\":\"search_term_string\"}}],\"inLanguage\":\"sk-SK\"}]}<\/script>\n<!-- \/ Yoast SEO plugin. -->","yoast_head_json":{"title":"GDPR - IKC - advok\u00e1tska kancel\u00e1ria s.r.o.","robots":{"index":"index","follow":"follow","max-snippet":"max-snippet:-1","max-image-preview":"max-image-preview:large","max-video-preview":"max-video-preview:-1"},"canonical":"https:\/\/www.ikc.sk\/index.php\/gdpr\/","og_locale":"sk_SK","og_type":"article","og_title":"GDPR - IKC - advok\u00e1tska kancel\u00e1ria s.r.o.","og_description":"GDPR GDPR Z\u00e1sady ochrany osobn\u00fdch \u00fadajov (GDPR) IKC \u2013 advok\u00e1tska kancel\u00e1ria s.r.o., so s\u00eddlom Hruny 11B, 08001 Pre\u0161ov, I\u010cO: 56108222 (\u201eadvok\u00e1tska kancel\u00e1ria\u201c), chr\u00e1ni v\u0161etky sprac\u00favan\u00e9 osobn\u00e9 \u00fadaje ako pr\u00edsne d\u00f4vern\u00e9 a&nbsp;naklad\u00e1 s&nbsp;nimi v&nbsp;s\u00falade s&nbsp;Nariaden\u00edm Eur\u00f3pskeho parlamentu a Rady (E\u00da) 2016\/679 z 27. apr\u00edla 2016 o ochrane fyzick\u00fdch os\u00f4b pri sprac\u00favan\u00ed osobn\u00fdch \u00fadajov a o vo\u013enom [&hellip;]","og_url":"https:\/\/www.ikc.sk\/index.php\/gdpr\/","og_site_name":"IKC - advok\u00e1tska kancel\u00e1ria s.r.o.","article_modified_time":"2025-02-01T17:23:17+00:00","twitter_card":"summary_large_image","twitter_misc":{"Predpokladan\u00fd \u010das \u010d\u00edtania":"12 min\u00fat"},"schema":{"@context":"https:\/\/schema.org","@graph":[{"@type":"WebPage","@id":"https:\/\/www.ikc.sk\/index.php\/gdpr\/","url":"https:\/\/www.ikc.sk\/index.php\/gdpr\/","name":"GDPR - IKC - advok\u00e1tska kancel\u00e1ria s.r.o.","isPartOf":{"@id":"https:\/\/www.ikc.sk\/#website"},"datePublished":"2024-10-28T13:19:37+00:00","dateModified":"2025-02-01T17:23:17+00:00","breadcrumb":{"@id":"https:\/\/www.ikc.sk\/index.php\/gdpr\/#breadcrumb"},"inLanguage":"sk-SK","potentialAction":[{"@type":"ReadAction","target":["https:\/\/www.ikc.sk\/index.php\/gdpr\/"]}]},{"@type":"BreadcrumbList","@id":"https:\/\/www.ikc.sk\/index.php\/gdpr\/#breadcrumb","itemListElement":[{"@type":"ListItem","position":1,"name":"Domovsk\u00e1 str\u00e1nka","item":"https:\/\/www.ikc.sk\/"},{"@type":"ListItem","position":2,"name":"GDPR"}]},{"@type":"WebSite","@id":"https:\/\/www.ikc.sk\/#website","url":"https:\/\/www.ikc.sk\/","name":"IKC - advok\u00e1tska kancel\u00e1ria s.r.o.","description":"","potentialAction":[{"@type":"SearchAction","target":{"@type":"EntryPoint","urlTemplate":"https:\/\/www.ikc.sk\/?s={search_term_string}"},"query-input":{"@type":"PropertyValueSpecification","valueRequired":true,"valueName":"search_term_string"}}],"inLanguage":"sk-SK"}]}},"_links":{"self":[{"href":"https:\/\/www.ikc.sk\/index.php\/wp-json\/wp\/v2\/pages\/157","targetHints":{"allow":["GET"]}}],"collection":[{"href":"https:\/\/www.ikc.sk\/index.php\/wp-json\/wp\/v2\/pages"}],"about":[{"href":"https:\/\/www.ikc.sk\/index.php\/wp-json\/wp\/v2\/types\/page"}],"author":[{"embeddable":true,"href":"https:\/\/www.ikc.sk\/index.php\/wp-json\/wp\/v2\/users\/1"}],"replies":[{"embeddable":true,"href":"https:\/\/www.ikc.sk\/index.php\/wp-json\/wp\/v2\/comments?post=157"}],"version-history":[{"count":22,"href":"https:\/\/www.ikc.sk\/index.php\/wp-json\/wp\/v2\/pages\/157\/revisions"}],"predecessor-version":[{"id":681,"href":"https:\/\/www.ikc.sk\/index.php\/wp-json\/wp\/v2\/pages\/157\/revisions\/681"}],"wp:attachment":[{"href":"https:\/\/www.ikc.sk\/index.php\/wp-json\/wp\/v2\/media?parent=157"}],"curies":[{"name":"wp","href":"https:\/\/api.w.org\/{rel}","templated":true}]}}